{"id":343,"date":"2020-04-02T00:32:04","date_gmt":"2020-04-01T22:32:04","guid":{"rendered":"https:\/\/www.web-sap-relax.fr\/?page_id=343"},"modified":"2020-12-17T01:57:11","modified_gmt":"2020-12-17T00:57:11","slug":"temoignages","status":"publish","type":"page","link":"https:\/\/www.seformeretreussir.fr\/index.php\/temoignages\/","title":{"rendered":"T\u00e9moignages"},"content":{"rendered":"\n<p class=\"has-text-color\" style=\"color:#a32500\"><strong>TEMOIGNAGES ECRITS<\/strong><\/p>\n\n\n\n<p>D\u00e9couvrez le t\u00e9moignage de Reda Hamiti qui d\u00e9veloppe son activit\u00e9 de formation en cliquant <a href=\"\/index.php\/temoignage-reda-hamiti\">ici<\/a><\/p>\n\n\n\n<p>D\u00e9couvrez le t\u00e9moignage de Marie Cormier enseignante ind\u00e9pendante en cliquant <a href=\"\/index.php\/temoignage-marie-cormier\">ici<\/a><\/p>\n\n\n\n\n\n<p class=\"has-text-color\" style=\"color:#a32900\"><strong>TEMOIGNAGES VIDEOS<\/strong><\/p>\n\n\n\n<p>Emile Gout<br><em>Formatrice en accompagnement de projet<\/em><\/p>\n\n\n\n<div style=\"width: 580px;\" class=\"wp-video\"><!--[if lt IE 9]><script>document.createElement('video');<\/script><![endif]-->\n<video class=\"wp-video-shortcode\" id=\"video-343-1\" width=\"580\" height=\"326\" preload=\"metadata\" controls=\"controls\"><source type=\"video\/mp4\" src=\"https:\/\/www.web-sap-relax.fr\/wp-content\/uploads\/2020\/04\/temoignage-emilie-montee-1.mp4?_=1\" \/><a href=\"https:\/\/www.web-sap-relax.fr\/wp-content\/uploads\/2020\/04\/temoignage-emilie-montee-1.mp4\">https:\/\/www.web-sap-relax.fr\/wp-content\/uploads\/2020\/04\/temoignage-emilie-montee-1.mp4<\/a><\/video><\/div>\n\n\n\n<p>Bruno Materese<br><em>Formateur en th\u00e9rapie<\/em><\/p>\n\n\n\n<div style=\"width: 580px;\" class=\"wp-video\"><video class=\"wp-video-shortcode\" id=\"video-343-2\" width=\"580\" height=\"326\" preload=\"metadata\" controls=\"controls\"><source type=\"video\/mp4\" src=\"https:\/\/www.web-sap-relax.fr\/wp-content\/uploads\/2020\/04\/temoignage-bruno-m-montee.mp4?_=2\" \/><a href=\"https:\/\/www.web-sap-relax.fr\/wp-content\/uploads\/2020\/04\/temoignage-bruno-m-montee.mp4\">https:\/\/www.web-sap-relax.fr\/wp-content\/uploads\/2020\/04\/temoignage-bruno-m-montee.mp4<\/a><\/video><\/div>\n\n\n\n<p>Caroline Mollou<br><em>G\u00e9rante de \"La voix de l'espoir\" service \u00e0 la personne: <a href=\"http:\/\/www.lavoixdelespoir.fr\/\">http:\/\/www.lavoixdelespoir.fr\/<\/a><br><\/em><\/p>\n\n\n\n<div style=\"width: 580px;\" class=\"wp-video\"><video class=\"wp-video-shortcode\" id=\"video-343-3\" width=\"580\" height=\"326\" preload=\"metadata\" controls=\"controls\"><source type=\"video\/mp4\" src=\"https:\/\/www.web-sap-relax.fr\/wp-content\/uploads\/2020\/04\/temoignagne-Caoline-montee.mp4?_=3\" \/><a href=\"https:\/\/www.web-sap-relax.fr\/wp-content\/uploads\/2020\/04\/temoignagne-Caoline-montee.mp4\">https:\/\/www.web-sap-relax.fr\/wp-content\/uploads\/2020\/04\/temoignagne-Caoline-montee.mp4<\/a><\/video><\/div>\n\n\n\n<p>Carine Guldner<br><em>Formatrice professionnelle<\/em><\/p>\n\n\n\n<div style=\"width: 580px;\" class=\"wp-video\"><video class=\"wp-video-shortcode\" id=\"video-343-4\" width=\"580\" height=\"326\" preload=\"metadata\" controls=\"controls\"><source type=\"video\/mp4\" src=\"https:\/\/www.web-sap-relax.fr\/wp-content\/uploads\/2020\/04\/temoignagne-Carine-montee.mp4?_=4\" \/><a href=\"https:\/\/www.web-sap-relax.fr\/wp-content\/uploads\/2020\/04\/temoignagne-Carine-montee.mp4\">https:\/\/www.web-sap-relax.fr\/wp-content\/uploads\/2020\/04\/temoignagne-Carine-montee.mp4<\/a><\/video><\/div>\n\n\n\n<p>Marie Claude Breniaux<br><em>Accompagnement strat\u00e9gique VAE : <a href=\"https:\/\/www.initiatives-ventedirecte.com\/\">https:\/\/www.initiatives-ventedirecte.com\/<\/a><\/em><\/p>\n\n\n\n<div style=\"width: 580px;\" class=\"wp-video\"><video class=\"wp-video-shortcode\" id=\"video-343-5\" width=\"580\" height=\"326\" preload=\"metadata\" controls=\"controls\"><source type=\"video\/mp4\" src=\"https:\/\/www.web-sap-relax.fr\/wp-content\/uploads\/2020\/04\/temoignage-marie-claude-b-montee.mp4?_=5\" \/><a href=\"https:\/\/www.web-sap-relax.fr\/wp-content\/uploads\/2020\/04\/temoignage-marie-claude-b-montee.mp4\">https:\/\/www.web-sap-relax.fr\/wp-content\/uploads\/2020\/04\/temoignage-marie-claude-b-montee.mp4<\/a><\/video><\/div>\n\n\n\n<p><\/p>\n","protected":false},"excerpt":{"rendered":"<p>TEMOIGNAGES ECRITS D\u00e9couvrez le t\u00e9moignage de Reda Hamiti qui d\u00e9veloppe son activit\u00e9 de formation en cliquant ici D\u00e9couvrez le t\u00e9moignage de Marie Cormier enseignante ind\u00e9pendante en cliquant ici TEMOIGNAGES VIDEOS Emile GoutFormatrice en accompagnement de projet Bruno MatereseFormateur en th\u00e9rapie Caroline MollouG\u00e9rante de \u00ab\u00a0La voix de l&rsquo;espoir\u00a0\u00bb service \u00e0 la personne: http:\/\/www.lavoixdelespoir.fr\/ Carine GuldnerFormatrice professionnelle [&hellip;]<\/p>\n","protected":false},"author":1,"featured_media":0,"parent":0,"menu_order":0,"comment_status":"closed","ping_status":"closed","template":"","meta":{"footnotes":""},"class_list":["post-343","page","type-page","status-publish","hentry"],"_links":{"self":[{"href":"https:\/\/www.seformeretreussir.fr\/index.php\/wp-json\/wp\/v2\/pages\/343","targetHints":{"allow":["GET"]}}],"collection":[{"href":"https:\/\/www.seformeretreussir.fr\/index.php\/wp-json\/wp\/v2\/pages"}],"about":[{"href":"https:\/\/www.seformeretreussir.fr\/index.php\/wp-json\/wp\/v2\/types\/page"}],"author":[{"embeddable":true,"href":"https:\/\/www.seformeretreussir.fr\/index.php\/wp-json\/wp\/v2\/users\/1"}],"replies":[{"embeddable":true,"href":"https:\/\/www.seformeretreussir.fr\/index.php\/wp-json\/wp\/v2\/comments?post=343"}],"version-history":[{"count":16,"href":"https:\/\/www.seformeretreussir.fr\/index.php\/wp-json\/wp\/v2\/pages\/343\/revisions"}],"predecessor-version":[{"id":596,"href":"https:\/\/www.seformeretreussir.fr\/index.php\/wp-json\/wp\/v2\/pages\/343\/revisions\/596"}],"wp:attachment":[{"href":"https:\/\/www.seformeretreussir.fr\/index.php\/wp-json\/wp\/v2\/media?parent=343"}],"curies":[{"name":"wp","href":"https:\/\/api.w.org\/{rel}","templated":true}]}}