{"id":287,"date":"2020-03-24T21:45:01","date_gmt":"2020-03-24T20:45:01","guid":{"rendered":"https:\/\/www.web-sap-relax.fr\/?page_id=287"},"modified":"2024-12-19T00:59:40","modified_gmt":"2024-12-18T23:59:40","slug":"cv-kla-aya","status":"publish","type":"page","link":"https:\/\/www.seformeretreussir.fr\/index.php\/cv-kla-aya\/","title":{"rendered":"CV\u00a0DU FORMATEUR"},"content":{"rendered":"\n<h4 style=\"text-align: center;\"><strong>LA\u00cbTITIA MOUILL\u00c9<\/strong><\/h4>\n\n\n\n<pre>Email&nbsp;: <a href=\"mailto:seformeretreussir@persevere.fr\"><span style=\"color: #0000ff;\">seformeretreussir@persevere.fr<\/span><\/a> \u2013 Tel&nbsp;: +33 6 65 65 79 63<\/pre>\n\n\n\n<p style=\"text-align: center;\"><span style=\"color: #ff0000;\"><em><strong>Experte <\/strong><\/em><em><strong>en aide administrative<\/strong><\/em><em><strong>, Consultante <\/strong><\/em><em><strong>en Accompagnement \u00e0 la R\u00e9alisation de Projet<\/strong><\/em><em><strong>\u00a0<\/strong><\/em><em><strong><br \/>\u00a0et\u00a0Formatrice Professionnelle<\/strong><\/em><\/span><em><strong>\u00a0<\/strong><\/em><\/p>\n\n\n\n<p><strong>2001 \u00e0 2003<\/strong>&nbsp;: Apr\u00e8s un DAEU (Dipl\u00f4me d\u2019Acc\u00e8s aux \u00e9tudes Universitaires) option Litt\u00e9raire \u00e0 Paris 7,<\/p>\n\n\n\n<p>La\u00ebtitia MOUILLE aborde la vie professionnelle en tant qu\u2019Auxiliaire Contractuelle \u00e0 la Recette G\u00e9n\u00e9rale des Finances, charg\u00e9e du classement des documents et de l\u2019aide \u00e0 la Comptabilit\u00e9.<br>&nbsp;En parall\u00e8le, elle suit une formation de Secr\u00e9taire M\u00e9dicale \u00e0 l'AFBB (Association pour la Formation de la Biologie et de la Biochimie). Elle effectue un stage en Entreprise \u00e0 la Clinique des Hauts-de-Seine, o\u00f9 elle acquiert ses qualit\u00e9s d\u2019organisation, accueil des parents, r\u00e9alisation des transmissions, prises de rendez-vous.<\/p>\n\n\n\n<p><strong>2004 \u00e0 2005<\/strong>&nbsp;: La\u00ebtitia MOUILLE forme le projet d\u2019entreprendre. Elle suit pour cela deux formations :<br>&nbsp;- \u00ab&nbsp;Leadership et D\u00e9veloppement Personnel&nbsp;\u00bb \u00e0 l\u2019organisme Dunamis \u2013 Formation, Conseil, Leadership<br>&nbsp;- \u00ab Aide \u00e0 la Cr\u00e9ation ou la Reprise et \u00e0 la Gestion d\u2019une Entreprise \u00bb \u00e0 Osmose \u2013 Formation et Conseil.<\/p>\n\n\n\n<p><strong>2006<\/strong>&nbsp;: La\u00ebtitia MOUILLE commence en VDI (Vendeur \u00e0 Domicile Ind\u00e9pendant) chez \u00ab Forever&nbsp;Alo\u00eb-Vera \u00bb en tant qu\u2019animatrice de vente de produits. L\u00e0 elle re\u00e7oit des formations pour d\u00e9velopper son activit\u00e9 et elle forme ses clients \u00e0 l\u2019usage des produits.<\/p>\n\n\n\n<p><strong>2007 \u00e0 2008<\/strong>&nbsp;: De plus en plus attir\u00e9e par le monde de la Formation, La\u00ebtitia MOUILLE entre \u00e0 l'IUFM (Institut Universitaire de Formation des Ma\u00eetres) en tant que Secr\u00e9taire administrative. L\u00e0, elle perfectionne ses comp\u00e9tences d\u2019organisation et de gestion.<\/p>\n\n\n\n<p><strong>2008 \u00e0 2010<\/strong> Elle fait sa 1<sup>\u00e8re<\/sup> exp\u00e9rience en cr\u00e9ation d\u2019entreprise en cr\u00e9ant, \u00ab Doxa Business Impact \u00bb,&nbsp;en Import-Export. C\u2019est durant cette p\u00e9riode qu\u2019elle d\u00e9couvre que l\u2019accompagnement de projet est sa passion.<\/p>\n\n\n\n<p><strong>2010 \u00e0 2013<\/strong>&nbsp;: La\u00ebtitia MOUILLE d\u00e9cide de tester son potentiel, et gr\u00e2ce \u00e0 son relationnel cr\u00e9e avec son entourage une association de soutien aux parents pour leurs projets, dont elle sera la Pr\u00e9sidente.<\/p>\n\n\n\n<p><strong>2014<\/strong>&nbsp;: Suivant l\u2019actualit\u00e9 de l\u2019entreprenariat, La\u00ebtitia MOUILLE concr\u00e9tise le projet d\u2019accompagnement en se lan\u00e7ant en tant qu\u2019auto-entrepreneur dans le domaine de l\u2019Aide Administrative et du Conseil dans la r\u00e9alisation de Projets, p\u00e9riode durant laquelle elle forme plusieurs jeunes en alternance au m\u00e9tier d\u2019assistant de gestion. Elle se forme \u00e0 l\u2019activit\u00e9 d\u2019Agent Immobilier aupr\u00e8s des organismes Optimhome et Olivier Seban pour mieux orienter ses clients. Elle se fait remarquer par LPR avenir, un Cabinet de Gestion de Patrimoine, partenaire avec lequel elle d\u00e9veloppe ses nouvelles comp\u00e9tences. Forte de cette exp\u00e9rience, elle commence \u00e0 former des adultes dans le domaine de l\u2019immobilier o\u00f9 elle accompagne les personnes qui veulent investir.<\/p>\n\n\n\n<p><strong>2015 \u00e0 2017<\/strong>&nbsp;: <a>La\u00ebtitia MOUILLE <\/a>ayant acquis un portefeuille de clients devient g\u00e9rante du centre d\u2019affaires et de gestion \u00ab Agence Kurios \u00bb, pour les accompagner dans leur gestion de patrimoine. Elle recrute pour l\u2019assister des stagiaires et elle les forme \u00e0 l\u2019activit\u00e9 de Secr\u00e9tariat et de Gestion.<br>&nbsp;<\/p>\n\n\n\n<p><strong>2018<\/strong>&nbsp;: La\u00ebtitia MOUILLE, dans le souci de transmettre toute son exp\u00e9rience, a suivi une formation avec L\u00e9andro LOZAHIC pour apprendre \u00e0 cr\u00e9er et \u00e0 g\u00e9rer un centre de formation pour mieux \u00e9quiper les porteurs de projets. Elle continue d\u2019accompagner les entrepreneurs dans la R\u00e9alisation et le D\u00e9veloppement de leurs Projets dans le cadre de son entreprise individuelle, le centre de formation \u201cPERSEVERE.FR .<\/p>\n\n\n\n<p><a><strong>En 2019&nbsp;: <\/strong>en accord avec les changements de la formation professionnelle et pour mieux r\u00e9pondre aux besoins de sa client\u00e8le, La\u00ebtitia MOUILLE a suivi une formation \u201cComprendre la Certification Professionnelle\u201d avec \u201cD\u00e9fi M\u00e9tiers\u201d.<\/a><\/p>\n\n\n\n<p>Apr\u00e8s avoir accompagn\u00e9 form\u00e9 des salari\u00e9s en reconversion professionnels, des porteurs de projets, entrepreneurs et plusieurs formateurs ind\u00e9pendant \u00e0 d\u00e9couvrir, organiser et \u00e0 savoir utiliser leur domaine de comp\u00e9tences et de capacit\u00e9s naturelles pour se positionner sur le march\u00e9 du travail et apporter leur contribution \u00e0 l\u2019\u00e9panouissement de la soci\u00e9t\u00e9, La\u00ebtitia MOUILLE a cr\u00e9\u00e9, pour s\u00e9curiser et d\u00e9velopper son activit\u00e9, la SASU PERSEVERE.FR \u00ab&nbsp;Se Former et R\u00e9ussir&nbsp;\u00bb, dont elle est la pr\u00e9sidente et la g\u00e9rante.<\/p>\n\n\n\n<p>Le centre de formation PERSEVERE.FR a pour objectif de conseiller les salari\u00e9s en reconversion professionnelle, de former les entrepreneurs,&nbsp;les porteurs de projet et d\u2019accompagner dans leur gestion administrative les organismes de formation qui font appel \u00e0 ses services.<\/p>\n\n\n\n<p><strong>En 2020<\/strong>&nbsp;: pour r\u00e9pondre aux obligations des organismes de formation au regard de la r\u00e9forme de la formation professionnelle, La\u00ebtitia MOUILLE a suivi une formation pour se pr\u00e9parer \u00e0 la certification QUALIOPI, qu\u2019elle a obtenue le <strong>22\/12\/2020<\/strong>, et pour savoir d\u00e9velopper une offre de formation certifiante, enregistr\u00e9e au RNCP ou au RS, \u00e9ligible au CPF avec \u00ab&nbsp;CEGOS&nbsp;\u00bb.<\/p>\n\n\n\n<p>Cette formation qualifiante, lui donne la possibilit\u00e9 de r\u00e9pondre aux exigences de la QUALIOPI pendant une p\u00e9riode de quatre ans. La\u00ebtitia MOUILLE a \u00e9galement \u00e9t\u00e9 form\u00e9e pour acqu\u00e9rir les comp\u00e9tences lui permettant de pouvoir se pr\u00e9parer \u00e0 devenir un organisme certificateur.<br>&nbsp;Cela en vue de favoriser l\u2019employabilit\u00e9 dans le secteur des m\u00e9tiers \u00e9mergeants et ainsi permettre aux organismes de formations et aux formateurs ind\u00e9pendants de savoir saisir les opportunit\u00e9s de la r\u00e9forme pour organiser, s\u00e9curiser et d\u00e9velopper leur activit\u00e9 de formation.<\/p>\n\n\n\n<p><strong>En 2021<\/strong>&nbsp;: sa passion pour le d\u00e9veloppement de l\u2019activit\u00e9 de la formation professionnelle au vu de la r\u00e9forme de 2018, l\u2019a emmen\u00e9e \u00e0 se former en ligne pour accompagner et former plusieurs formateurs qui ont fait appels \u00e0 ses services dans les r\u00e9seaux sociaux.<\/p>\n\n\n\n<p>De ce fait, ce sont des entreprises d\u2019ici ou d\u2019ailleurs qu\u2019elle a pu former pour devenir des prestataires de formation professionnelles dans l\u2019obtention du NDA ou dans le d\u00e9veloppement de leur d\u00e9marche d\u2019am\u00e9lioration continue pour comprendre la marche \u00e0 suivre pour devenir un prestataire de qualit\u00e9.<\/p>\n\n\n\n<p>C\u2019est ainsi qu\u2019elle a pu accompagner plusieurs entreprises de formation \u00e0 se pr\u00e9parer pour l\u2019obtention de la certification Qualiopi et elle les a recommand\u00e9es \u00e0 son partenaire l\u2019ICPF.<\/p>\n\n\n\n<p><strong>En 2022<\/strong>&nbsp;: elle se pr\u00e9pare \u00e0 suivre une formation pour d\u00e9velopper son expertise dans le domaine de la prestation des bilans de comp\u00e9tences afin de mieux r\u00e9pondre aux besoins de sa client\u00e8le.<\/p>\n\n\n\n<p>Pour se consacrer au d\u00e9veloppement de son activit\u00e9 de formatrice professionnelle et au regard de la veille r\u00e8glementaire, p\u00e9dagogique et technologique, elle a cr\u00e9\u00e9 avec <a>GEREOF O\u00dc<\/a>, un outil SaaS innovant \u00ab&nbsp;GereOF&nbsp;\u00bb, marque fran\u00e7aise d\u00e9pos\u00e9e \u00e0 l\u2019INPI, pour permettre aux acteurs de la formation professionnelle de mieux g\u00e9rer leur centre de formation et se d\u00e9ployer dans leur domaine d\u2019activit\u00e9.<\/p>\n\n\n\n<p><strong>En 2023&nbsp;: <\/strong>La\u00ebtitia MOUILLE continue de se former \u00e0 l\u2019utilisation de la Plateforme GereOF par l\u2019organisme \u00ab&nbsp;JP Formations&nbsp;\u00bb pour la gestion administrative de son Centre de Formation \u00ab&nbsp;PERSEVERE.FR ACADEMY&nbsp;\u00bb Se Former et R\u00e9ussir.<\/p>\n\n\n\n<p>En parall\u00e8le elle fait le suivi des stagiaires de son centre de formation \u00ab&nbsp;PERSEVERE.FR ACADEMY&nbsp;\u00bb Se Former et R\u00e9ussir, gr\u00e2ce \u00e0 la plateforme GereOF&nbsp;qu\u2019elle utilise au vu de la veille r\u00e9glementaire, p\u00e9dagogique et technologique pour le d\u00e9veloppement de leur activit\u00e9 de formation.<\/p>\n\n\n\n<p><strong>Aujourd\u2019hui&nbsp;: <\/strong>En tant que R\u00e9f\u00e9rente Qualit\u00e9, elle accompagne la plateforme GereOF dans la demande de l\u2019obtention du num\u00e9ro de d\u00e9claration d\u2019activit\u00e9 pour le centre de formation GEREOF O\u00dc pour permettre la professionnalisation des prestations avec ses futures partenaires acteurs de la formation professionnelle.<\/p>\n\n\n\n<figure class=\"wp-block-table\"><table><tbody><tr><td><strong>Comp\u00e9tences :<\/strong><\/td><td>&nbsp;<\/td><\/tr><tr><td>P\u00e9dagogie <br>Administration <br>Gestion <br>Commercial<\/td><td>Accompagnement<br>Organisation<br>Immobilier<br>Relationnel<\/td><\/tr><\/tbody><\/table><\/figure>\n","protected":false},"excerpt":{"rendered":"<p>LA\u00cbTITIA MOUILL\u00c9 Email&nbsp;: seformeretreussir@persevere.fr \u2013 Tel&nbsp;: +33 6 65 65 79 63 Experte en aide administrative, Consultante en Accompagnement \u00e0 la R\u00e9alisation de Projet\u00a0\u00a0et\u00a0Formatrice Professionnelle\u00a0 2001 \u00e0 2003&nbsp;: Apr\u00e8s un DAEU (Dipl\u00f4me d\u2019Acc\u00e8s aux \u00e9tudes Universitaires) option Litt\u00e9raire \u00e0 Paris 7, La\u00ebtitia MOUILLE aborde la vie professionnelle en tant qu\u2019Auxiliaire Contractuelle \u00e0 la Recette G\u00e9n\u00e9rale [&hellip;]<\/p>\n","protected":false},"author":1,"featured_media":0,"parent":0,"menu_order":0,"comment_status":"closed","ping_status":"closed","template":"","meta":{"footnotes":""},"class_list":["post-287","page","type-page","status-publish","hentry"],"_links":{"self":[{"href":"https:\/\/www.seformeretreussir.fr\/index.php\/wp-json\/wp\/v2\/pages\/287","targetHints":{"allow":["GET"]}}],"collection":[{"href":"https:\/\/www.seformeretreussir.fr\/index.php\/wp-json\/wp\/v2\/pages"}],"about":[{"href":"https:\/\/www.seformeretreussir.fr\/index.php\/wp-json\/wp\/v2\/types\/page"}],"author":[{"embeddable":true,"href":"https:\/\/www.seformeretreussir.fr\/index.php\/wp-json\/wp\/v2\/users\/1"}],"replies":[{"embeddable":true,"href":"https:\/\/www.seformeretreussir.fr\/index.php\/wp-json\/wp\/v2\/comments?post=287"}],"version-history":[{"count":14,"href":"https:\/\/www.seformeretreussir.fr\/index.php\/wp-json\/wp\/v2\/pages\/287\/revisions"}],"predecessor-version":[{"id":932,"href":"https:\/\/www.seformeretreussir.fr\/index.php\/wp-json\/wp\/v2\/pages\/287\/revisions\/932"}],"wp:attachment":[{"href":"https:\/\/www.seformeretreussir.fr\/index.php\/wp-json\/wp\/v2\/media?parent=287"}],"curies":[{"name":"wp","href":"https:\/\/api.w.org\/{rel}","templated":true}]}}